{"id":257,"date":"2021-08-20T22:25:53","date_gmt":"2021-08-20T20:25:53","guid":{"rendered":"http:\/\/geschmiertes.de\/geschmiertes\/?page_id=257"},"modified":"2021-09-02T18:58:10","modified_gmt":"2021-09-02T16:58:10","slug":"publikation","status":"publish","type":"page","link":"https:\/\/geschmiertes.de\/geschmiertes\/leben\/publikation\/","title":{"rendered":"Publikation"},"content":{"rendered":"\n<h2 class=\"wp-block-heading\"><strong>Malerei und Grafik (Faltblatt 2021)<\/strong><\/h2>\n\n\n\n<figure class=\"wp-block-gallery aligncenter columns-2 is-cropped wp-block-gallery-1 is-layout-flex wp-block-gallery-is-layout-flex\"><ul class=\"blocks-gallery-grid\"><li class=\"blocks-gallery-item\"><figure><a href=\"https:\/\/geschmiertes.de\/geschmiertes\/wp-content\/uploads\/2021\/08\/Faltblatt_2021-00-00_Malerei-aussen.jpg\"><img decoding=\"async\" width=\"1024\" height=\"576\" data-src=\"https:\/\/geschmiertes.de\/geschmiertes\/wp-content\/uploads\/2021\/08\/Faltblatt_2021-00-00_Malerei-aussen-1024x576.jpg\" alt=\"\" data-id=\"132\" data-full-url=\"https:\/\/geschmiertes.de\/geschmiertes\/wp-content\/uploads\/2021\/08\/Faltblatt_2021-00-00_Malerei-aussen.jpg\" data-link=\"https:\/\/geschmiertes.de\/geschmiertes\/faltblatt_2021-00-00_malerei-aussen\/\" class=\"wp-image-132 lazyload\" data-srcset=\"https:\/\/geschmiertes.de\/geschmiertes\/wp-content\/uploads\/2021\/08\/Faltblatt_2021-00-00_Malerei-aussen-1024x576.jpg 1024w, https:\/\/geschmiertes.de\/geschmiertes\/wp-content\/uploads\/2021\/08\/Faltblatt_2021-00-00_Malerei-aussen-300x169.jpg 300w, https:\/\/geschmiertes.de\/geschmiertes\/wp-content\/uploads\/2021\/08\/Faltblatt_2021-00-00_Malerei-aussen-768x432.jpg 768w, https:\/\/geschmiertes.de\/geschmiertes\/wp-content\/uploads\/2021\/08\/Faltblatt_2021-00-00_Malerei-aussen-1536x864.jpg 1536w, https:\/\/geschmiertes.de\/geschmiertes\/wp-content\/uploads\/2021\/08\/Faltblatt_2021-00-00_Malerei-aussen.jpg 1920w\" data-sizes=\"(max-width: 1024px) 100vw, 1024px\" src=\"data:image\/svg+xml;base64,PHN2ZyB3aWR0aD0iMSIgaGVpZ2h0PSIxIiB4bWxucz0iaHR0cDovL3d3dy53My5vcmcvMjAwMC9zdmciPjwvc3ZnPg==\" style=\"--smush-placeholder-width: 1024px; --smush-placeholder-aspect-ratio: 1024\/576;\" \/><\/a><\/figure><\/li><li class=\"blocks-gallery-item\"><figure><a href=\"https:\/\/geschmiertes.de\/geschmiertes\/wp-content\/uploads\/2021\/08\/Faltblatt_2021-00-00_Malerei-innen.jpg\"><img decoding=\"async\" width=\"1024\" height=\"576\" data-src=\"https:\/\/geschmiertes.de\/geschmiertes\/wp-content\/uploads\/2021\/08\/Faltblatt_2021-00-00_Malerei-innen-1024x576.jpg\" alt=\"\" data-id=\"133\" data-full-url=\"https:\/\/geschmiertes.de\/geschmiertes\/wp-content\/uploads\/2021\/08\/Faltblatt_2021-00-00_Malerei-innen.jpg\" data-link=\"https:\/\/geschmiertes.de\/geschmiertes\/faltblatt_2021-00-00_malerei-innen\/\" class=\"wp-image-133 lazyload\" data-srcset=\"https:\/\/geschmiertes.de\/geschmiertes\/wp-content\/uploads\/2021\/08\/Faltblatt_2021-00-00_Malerei-innen-1024x576.jpg 1024w, https:\/\/geschmiertes.de\/geschmiertes\/wp-content\/uploads\/2021\/08\/Faltblatt_2021-00-00_Malerei-innen-300x169.jpg 300w, https:\/\/geschmiertes.de\/geschmiertes\/wp-content\/uploads\/2021\/08\/Faltblatt_2021-00-00_Malerei-innen-768x432.jpg 768w, https:\/\/geschmiertes.de\/geschmiertes\/wp-content\/uploads\/2021\/08\/Faltblatt_2021-00-00_Malerei-innen-1536x864.jpg 1536w, https:\/\/geschmiertes.de\/geschmiertes\/wp-content\/uploads\/2021\/08\/Faltblatt_2021-00-00_Malerei-innen.jpg 1920w\" data-sizes=\"(max-width: 1024px) 100vw, 1024px\" src=\"data:image\/svg+xml;base64,PHN2ZyB3aWR0aD0iMSIgaGVpZ2h0PSIxIiB4bWxucz0iaHR0cDovL3d3dy53My5vcmcvMjAwMC9zdmciPjwvc3ZnPg==\" style=\"--smush-placeholder-width: 1024px; --smush-placeholder-aspect-ratio: 1024\/576;\" \/><\/a><\/figure><\/li><\/ul><\/figure>\n\n\n\n<p>In Karsten Richters Malerei und Grafik erfahren wir, \u00e4hnlich seinen fotografischen Arbeiten, spannungsreiche Kompositionen. Dem unmittelbaren Lebensraum entnimmt er zumeist seine Motive und Themen \u2013 es sind vornehmlich Landschaften, die er treffsicher mit charakteristischen Linien, Schw\u00fcngen und Formen erfasst. Dabei findet und entwickelt er vielf\u00e4ltige Varianten und Ausdrucksm\u00f6glichkeiten der Linie, aber auch der Form \u2013 sie pr\u00e4gen den Charakter einer Landschaft, gelegentlich eines Kopfes, in eigenwilliger und sehr pers\u00f6nlicher Weise. Aktuell sind es klare und reduzierte Formen, die in ihrer Verschiedenartigkeit und teils in farbigen Beschr\u00e4nkungen zur Harmonie des Bildganzen gef\u00fchrt werden. Anspruchsvolle Farbkombinationen erwachsen daraus, die meist sehr dynamisch wirken und die Lebendigkeit einer Landschaft bei Wind, Wetter und zeitlichen Ver\u00e4nderungen erlebbar machen.<\/p>\n\n\n\n<p>Hat Karsten Richter, abgesehen von stetig wiederkehrenden organischen, ja surreal anmutenden Formspielen, eine optimale Darstellungsform, eine treffende Umsetzung erarbeitet, sucht er, ohne sich gro\u00df aufzuhalten, mit diesen Erkenntnissen im Gep\u00e4ck nach neuen Wegen, nach anderen Formulierungen, nach neuen Um- und \u00dcbersetzungen. So sind bei Betrachtung der Arbeiten aus verschiedenen Jahren auch unterschiedliche Schaffensphasen deutlich ablesbar. Meist sind dadurch Zyklen oder Bildreihen entstanden, die die Suche nach einer perfekten Bildsprache nachempfindbar machen und uns den Schaffensprozess verdeutlichen. Dabei tr\u00e4gt jede Arbeit, jede Serie, schon wieder den Keim f\u00fcr neue Bilder in sich.<\/p>\n\n\n\n<p>Die aktuellen Arbeiten sind keinesfalls das Ende des Schaffens- und Findungsprozesses, oder schon der k\u00fcnstlerische H\u00f6hepunkt \u2013 das bleibt offen und regt uns an, Karsten Richter erneut zu besuchen.<br><br><strong><em>Andreas Frister im Juli 2021<\/em><\/strong><\/p>\n\n\n\n<h2 class=\"wp-block-heading\"><strong>Fotografie<\/strong> <strong>(Faltblatt 2021)<\/strong> <\/h2>\n\n\n\n<figure class=\"wp-block-gallery aligncenter columns-2 is-cropped wp-block-gallery-2 is-layout-flex wp-block-gallery-is-layout-flex\"><ul class=\"blocks-gallery-grid\"><li class=\"blocks-gallery-item\"><figure><a href=\"https:\/\/geschmiertes.de\/geschmiertes\/wp-content\/uploads\/2021\/08\/Faltblatt_2021-00-00_Foto-aussen.jpg\"><img decoding=\"async\" width=\"1024\" height=\"576\" data-src=\"https:\/\/geschmiertes.de\/geschmiertes\/wp-content\/uploads\/2021\/08\/Faltblatt_2021-00-00_Foto-aussen-1024x576.jpg\" alt=\"\" data-id=\"126\" data-full-url=\"https:\/\/geschmiertes.de\/geschmiertes\/wp-content\/uploads\/2021\/08\/Faltblatt_2021-00-00_Foto-aussen.jpg\" data-link=\"https:\/\/geschmiertes.de\/geschmiertes\/faltblatt_2021-00-00_foto-aussen\/\" class=\"wp-image-126 lazyload\" data-srcset=\"https:\/\/geschmiertes.de\/geschmiertes\/wp-content\/uploads\/2021\/08\/Faltblatt_2021-00-00_Foto-aussen-1024x576.jpg 1024w, https:\/\/geschmiertes.de\/geschmiertes\/wp-content\/uploads\/2021\/08\/Faltblatt_2021-00-00_Foto-aussen-300x169.jpg 300w, https:\/\/geschmiertes.de\/geschmiertes\/wp-content\/uploads\/2021\/08\/Faltblatt_2021-00-00_Foto-aussen-768x432.jpg 768w, https:\/\/geschmiertes.de\/geschmiertes\/wp-content\/uploads\/2021\/08\/Faltblatt_2021-00-00_Foto-aussen-1536x864.jpg 1536w, https:\/\/geschmiertes.de\/geschmiertes\/wp-content\/uploads\/2021\/08\/Faltblatt_2021-00-00_Foto-aussen.jpg 1920w\" data-sizes=\"(max-width: 1024px) 100vw, 1024px\" src=\"data:image\/svg+xml;base64,PHN2ZyB3aWR0aD0iMSIgaGVpZ2h0PSIxIiB4bWxucz0iaHR0cDovL3d3dy53My5vcmcvMjAwMC9zdmciPjwvc3ZnPg==\" style=\"--smush-placeholder-width: 1024px; --smush-placeholder-aspect-ratio: 1024\/576;\" \/><\/a><\/figure><\/li><li class=\"blocks-gallery-item\"><figure><a href=\"https:\/\/geschmiertes.de\/geschmiertes\/wp-content\/uploads\/2021\/08\/Faltblatt_2021-00-00_Foto-innen.jpg\"><img decoding=\"async\" width=\"1024\" height=\"576\" data-src=\"https:\/\/geschmiertes.de\/geschmiertes\/wp-content\/uploads\/2021\/08\/Faltblatt_2021-00-00_Foto-innen-1024x576.jpg\" alt=\"\" data-id=\"131\" data-full-url=\"https:\/\/geschmiertes.de\/geschmiertes\/wp-content\/uploads\/2021\/08\/Faltblatt_2021-00-00_Foto-innen.jpg\" data-link=\"https:\/\/geschmiertes.de\/geschmiertes\/faltblatt_2021-00-00_foto-innen\/\" class=\"wp-image-131 lazyload\" data-srcset=\"https:\/\/geschmiertes.de\/geschmiertes\/wp-content\/uploads\/2021\/08\/Faltblatt_2021-00-00_Foto-innen-1024x576.jpg 1024w, https:\/\/geschmiertes.de\/geschmiertes\/wp-content\/uploads\/2021\/08\/Faltblatt_2021-00-00_Foto-innen-300x169.jpg 300w, https:\/\/geschmiertes.de\/geschmiertes\/wp-content\/uploads\/2021\/08\/Faltblatt_2021-00-00_Foto-innen-768x432.jpg 768w, https:\/\/geschmiertes.de\/geschmiertes\/wp-content\/uploads\/2021\/08\/Faltblatt_2021-00-00_Foto-innen-1536x864.jpg 1536w, https:\/\/geschmiertes.de\/geschmiertes\/wp-content\/uploads\/2021\/08\/Faltblatt_2021-00-00_Foto-innen.jpg 1920w\" data-sizes=\"(max-width: 1024px) 100vw, 1024px\" src=\"data:image\/svg+xml;base64,PHN2ZyB3aWR0aD0iMSIgaGVpZ2h0PSIxIiB4bWxucz0iaHR0cDovL3d3dy53My5vcmcvMjAwMC9zdmciPjwvc3ZnPg==\" style=\"--smush-placeholder-width: 1024px; --smush-placeholder-aspect-ratio: 1024\/576;\" \/><\/a><\/figure><\/li><\/ul><\/figure>\n\n\n\n<p> Karsten Richter fotografiert, mit dem Blick des Malers, keine Sensationen oder touristischen Brennpunkte \u2013 er nutzt Kamera und Objektiv, um subjektiv erlebte Momente im Bild festzuhalten, die Verg\u00e4ngliches, Spannungsvolles und doch Allt\u00e4gliches bewahren und in unseren Fokus r\u00fccken. So werden wir auf Elemente des Seins in unserer unmittelbaren Umgebung aufmerksam gemacht, die wir im allt\u00e4glichen Rhythmus der Pflichten und Gewohnheiten oft nicht in ihrer \u00c4sthetik wahrnehmen \u2013 und deren Mitteilungen an uns nicht registrieren, weil uns Gr\u00fcnde, welcher Art auch immer, keine Zeit zum Sehen lassen. Wer sich jedoch sensibel auf diese Momentaufnahmen einl\u00e4sst, wird erkennen, dass das Leben voll mit sehens- und beachtenswerten Botschaften ist, die unseren Alltag so vielf\u00e4ltig und besonders oder, anders gesagt, reich machen. Die Bereitschaft, bewusst zu sehen, interessante Variationen und Kombinationen aus Farbe, Form und Licht wahrzunehmen und zu erfassen, auf visuell vielf\u00e4ltige Angebote zu reagieren, muss jeder selbst in sich aktivieren. Besondere Reize gehen dabei auch von jahres- oder tageszeitlichen Einfl\u00fcssen aus, da Licht sich stets \u00e4ndert und sich kein Augenblick wiederholt.<\/p>\n\n\n\n<p>Ebenso in Malerei und Grafik unterwegs, gibt Karsten Richter mit seinen Fotografien eine hilfreiche Orientierung. Dabei geht es ihm nicht um perfekt bearbeitete Fotos oder um Effekte der digitalen Dunkelkammer \u2013 seine spannungsvollen Stillleben beispielsweise sind unkompliziert, seine Aufnahmen au\u00dfer Haus nicht gestellt, sondern unterwegs entdeckt durch die wachen Sinne des Bildners. Klarheit und minimalistische Z\u00fcge kennzeichnen seine Motive. Dabei ringt er in der Fotografie um ein nachvollziehbares Verh\u00e4ltnis von Abstraktion und Wirklichkeit. Erfahrungen in der Bildgestaltung sind wesentlich, um das Angebot der Realit\u00e4t zu einer Komposition mit Aussage zu f\u00fchren. Karsten Richter verf\u00fcgt \u00fcber diese Kenntnisse und F\u00e4higkeiten.<\/p>\n\n\n\n<p>Mit seinen Arbeiten will er nicht belehren \u2013 ihm geht es um ein bewusstes Sehen und Erleben, um ein Hinsehen und Wahrnehmen, um zu eigenen Erkenntnissen zu kommen, die das Leben interessanter und eben reicher machen. Das macht Freude.<\/p>\n\n\n\n<p><strong><em>Andreas Frister im Juli 2021<\/em><\/strong><\/p>\n","protected":false},"excerpt":{"rendered":"<p>Malerei und Grafik (Faltblatt 2021) In Karsten Richters Malerei und Grafik erfahren wir, \u00e4hnlich seinen fotografischen Arbeiten, spannungsreiche Kompositionen. Dem unmittelbaren Lebensraum entnimmt er zumeist seine Motive und Themen \u2013<\/p>\n<p class=\"more-link\"><a href=\"https:\/\/geschmiertes.de\/geschmiertes\/leben\/publikation\/\" class=\"readmore\">Weiter lesen<svg class=\"icon icon-angle-right\" aria-hidden=\"true\" role=\"img\"> <use href=\"#icon-angle-right\" xlink:href=\"#icon-angle-right\"><\/use> <\/svg><span class=\"screen-reader-text\">Publikation<\/span><\/a><\/p>\n","protected":false},"author":1,"featured_media":596,"parent":36,"menu_order":0,"comment_status":"closed","ping_status":"closed","template":"","meta":{"footnotes":""},"class_list":["post-257","page","type-page","status-publish","has-post-thumbnail","hentry"],"yoast_head":"<!-- This site is optimized with the Yoast SEO plugin v27.3 - https:\/\/yoast.com\/product\/yoast-seo-wordpress\/ -->\n<title>Publikation - geschmiertes.de<\/title>\n<meta name=\"robots\" content=\"index, follow, max-snippet:-1, max-image-preview:large, max-video-preview:-1\" \/>\n<link rel=\"canonical\" href=\"https:\/\/geschmiertes.de\/geschmiertes\/leben\/publikation\/\" \/>\n<meta property=\"og:locale\" content=\"de_DE\" \/>\n<meta property=\"og:type\" content=\"article\" \/>\n<meta property=\"og:title\" content=\"Publikation - geschmiertes.de\" \/>\n<meta property=\"og:description\" content=\"Malerei und Grafik (Faltblatt 2021) In Karsten Richters Malerei und Grafik erfahren wir, \u00e4hnlich seinen fotografischen Arbeiten, spannungsreiche Kompositionen. Dem unmittelbaren Lebensraum entnimmt er zumeist seine Motive und Themen \u2013Weiter lesen Publikation\" \/>\n<meta property=\"og:url\" content=\"https:\/\/geschmiertes.de\/geschmiertes\/leben\/publikation\/\" \/>\n<meta property=\"og:site_name\" content=\"geschmiertes.de\" \/>\n<meta property=\"article:modified_time\" content=\"2021-09-02T16:58:10+00:00\" \/>\n<meta property=\"og:image\" content=\"https:\/\/geschmiertes.de\/geschmiertes\/wp-content\/uploads\/2021\/08\/Header_Publikation.jpg\" \/>\n\t<meta property=\"og:image:width\" content=\"1920\" \/>\n\t<meta property=\"og:image:height\" content=\"1280\" \/>\n\t<meta property=\"og:image:type\" content=\"image\/jpeg\" \/>\n<meta name=\"twitter:card\" content=\"summary_large_image\" \/>\n<meta name=\"twitter:label1\" content=\"Gesch\u00e4tzte Lesezeit\" \/>\n\t<meta name=\"twitter:data1\" content=\"4\u00a0Minuten\" \/>\n<script type=\"application\/ld+json\" class=\"yoast-schema-graph\">{\"@context\":\"https:\\\/\\\/schema.org\",\"@graph\":[{\"@type\":\"WebPage\",\"@id\":\"https:\\\/\\\/geschmiertes.de\\\/geschmiertes\\\/leben\\\/publikation\\\/\",\"url\":\"https:\\\/\\\/geschmiertes.de\\\/geschmiertes\\\/leben\\\/publikation\\\/\",\"name\":\"Publikation - geschmiertes.de\",\"isPartOf\":{\"@id\":\"https:\\\/\\\/geschmiertes.de\\\/geschmiertes\\\/#website\"},\"primaryImageOfPage\":{\"@id\":\"https:\\\/\\\/geschmiertes.de\\\/geschmiertes\\\/leben\\\/publikation\\\/#primaryimage\"},\"image\":{\"@id\":\"https:\\\/\\\/geschmiertes.de\\\/geschmiertes\\\/leben\\\/publikation\\\/#primaryimage\"},\"thumbnailUrl\":\"https:\\\/\\\/geschmiertes.de\\\/geschmiertes\\\/wp-content\\\/uploads\\\/2021\\\/08\\\/Header_Publikation.jpg\",\"datePublished\":\"2021-08-20T20:25:53+00:00\",\"dateModified\":\"2021-09-02T16:58:10+00:00\",\"breadcrumb\":{\"@id\":\"https:\\\/\\\/geschmiertes.de\\\/geschmiertes\\\/leben\\\/publikation\\\/#breadcrumb\"},\"inLanguage\":\"de\",\"potentialAction\":[{\"@type\":\"ReadAction\",\"target\":[\"https:\\\/\\\/geschmiertes.de\\\/geschmiertes\\\/leben\\\/publikation\\\/\"]}]},{\"@type\":\"ImageObject\",\"inLanguage\":\"de\",\"@id\":\"https:\\\/\\\/geschmiertes.de\\\/geschmiertes\\\/leben\\\/publikation\\\/#primaryimage\",\"url\":\"https:\\\/\\\/geschmiertes.de\\\/geschmiertes\\\/wp-content\\\/uploads\\\/2021\\\/08\\\/Header_Publikation.jpg\",\"contentUrl\":\"https:\\\/\\\/geschmiertes.de\\\/geschmiertes\\\/wp-content\\\/uploads\\\/2021\\\/08\\\/Header_Publikation.jpg\",\"width\":1920,\"height\":1280},{\"@type\":\"BreadcrumbList\",\"@id\":\"https:\\\/\\\/geschmiertes.de\\\/geschmiertes\\\/leben\\\/publikation\\\/#breadcrumb\",\"itemListElement\":[{\"@type\":\"ListItem\",\"position\":1,\"name\":\"Startseite\",\"item\":\"https:\\\/\\\/geschmiertes.de\\\/geschmiertes\\\/\"},{\"@type\":\"ListItem\",\"position\":2,\"name\":\"Leben\",\"item\":\"https:\\\/\\\/geschmiertes.de\\\/geschmiertes\\\/leben\\\/\"},{\"@type\":\"ListItem\",\"position\":3,\"name\":\"Publikation\"}]},{\"@type\":\"WebSite\",\"@id\":\"https:\\\/\\\/geschmiertes.de\\\/geschmiertes\\\/#website\",\"url\":\"https:\\\/\\\/geschmiertes.de\\\/geschmiertes\\\/\",\"name\":\"geschmiertes.de\",\"description\":\"Karsten Richter\",\"publisher\":{\"@id\":\"https:\\\/\\\/geschmiertes.de\\\/geschmiertes\\\/#\\\/schema\\\/person\\\/a9b13186d939f0df93a21d2f7d97ccdc\"},\"potentialAction\":[{\"@type\":\"SearchAction\",\"target\":{\"@type\":\"EntryPoint\",\"urlTemplate\":\"https:\\\/\\\/geschmiertes.de\\\/geschmiertes\\\/?s={search_term_string}\"},\"query-input\":{\"@type\":\"PropertyValueSpecification\",\"valueRequired\":true,\"valueName\":\"search_term_string\"}}],\"inLanguage\":\"de\"},{\"@type\":[\"Person\",\"Organization\"],\"@id\":\"https:\\\/\\\/geschmiertes.de\\\/geschmiertes\\\/#\\\/schema\\\/person\\\/a9b13186d939f0df93a21d2f7d97ccdc\",\"name\":\"Karsten Richter\",\"image\":{\"@type\":\"ImageObject\",\"inLanguage\":\"de\",\"@id\":\"http:\\\/\\\/geschmiertes.de\\\/geschmiertes\\\/wp-content\\\/uploads\\\/2021\\\/08\\\/Lauf_2019-05-23_Video-TS-Medien.jpg\",\"url\":\"http:\\\/\\\/geschmiertes.de\\\/geschmiertes\\\/wp-content\\\/uploads\\\/2021\\\/08\\\/Lauf_2019-05-23_Video-TS-Medien.jpg\",\"contentUrl\":\"http:\\\/\\\/geschmiertes.de\\\/geschmiertes\\\/wp-content\\\/uploads\\\/2021\\\/08\\\/Lauf_2019-05-23_Video-TS-Medien.jpg\",\"width\":1920,\"height\":908,\"caption\":\"Karsten Richter\"},\"logo\":{\"@id\":\"http:\\\/\\\/geschmiertes.de\\\/geschmiertes\\\/wp-content\\\/uploads\\\/2021\\\/08\\\/Lauf_2019-05-23_Video-TS-Medien.jpg\"},\"sameAs\":[\"http:\\\/\\\/noisepoint.net\\\/\"]}]}<\/script>\n<!-- \/ Yoast SEO plugin. -->","yoast_head_json":{"title":"Publikation - geschmiertes.de","robots":{"index":"index","follow":"follow","max-snippet":"max-snippet:-1","max-image-preview":"max-image-preview:large","max-video-preview":"max-video-preview:-1"},"canonical":"https:\/\/geschmiertes.de\/geschmiertes\/leben\/publikation\/","og_locale":"de_DE","og_type":"article","og_title":"Publikation - geschmiertes.de","og_description":"Malerei und Grafik (Faltblatt 2021) In Karsten Richters Malerei und Grafik erfahren wir, \u00e4hnlich seinen fotografischen Arbeiten, spannungsreiche Kompositionen. Dem unmittelbaren Lebensraum entnimmt er zumeist seine Motive und Themen \u2013Weiter lesen Publikation","og_url":"https:\/\/geschmiertes.de\/geschmiertes\/leben\/publikation\/","og_site_name":"geschmiertes.de","article_modified_time":"2021-09-02T16:58:10+00:00","og_image":[{"width":1920,"height":1280,"url":"https:\/\/geschmiertes.de\/geschmiertes\/wp-content\/uploads\/2021\/08\/Header_Publikation.jpg","type":"image\/jpeg"}],"twitter_card":"summary_large_image","twitter_misc":{"Gesch\u00e4tzte Lesezeit":"4\u00a0Minuten"},"schema":{"@context":"https:\/\/schema.org","@graph":[{"@type":"WebPage","@id":"https:\/\/geschmiertes.de\/geschmiertes\/leben\/publikation\/","url":"https:\/\/geschmiertes.de\/geschmiertes\/leben\/publikation\/","name":"Publikation - geschmiertes.de","isPartOf":{"@id":"https:\/\/geschmiertes.de\/geschmiertes\/#website"},"primaryImageOfPage":{"@id":"https:\/\/geschmiertes.de\/geschmiertes\/leben\/publikation\/#primaryimage"},"image":{"@id":"https:\/\/geschmiertes.de\/geschmiertes\/leben\/publikation\/#primaryimage"},"thumbnailUrl":"https:\/\/geschmiertes.de\/geschmiertes\/wp-content\/uploads\/2021\/08\/Header_Publikation.jpg","datePublished":"2021-08-20T20:25:53+00:00","dateModified":"2021-09-02T16:58:10+00:00","breadcrumb":{"@id":"https:\/\/geschmiertes.de\/geschmiertes\/leben\/publikation\/#breadcrumb"},"inLanguage":"de","potentialAction":[{"@type":"ReadAction","target":["https:\/\/geschmiertes.de\/geschmiertes\/leben\/publikation\/"]}]},{"@type":"ImageObject","inLanguage":"de","@id":"https:\/\/geschmiertes.de\/geschmiertes\/leben\/publikation\/#primaryimage","url":"https:\/\/geschmiertes.de\/geschmiertes\/wp-content\/uploads\/2021\/08\/Header_Publikation.jpg","contentUrl":"https:\/\/geschmiertes.de\/geschmiertes\/wp-content\/uploads\/2021\/08\/Header_Publikation.jpg","width":1920,"height":1280},{"@type":"BreadcrumbList","@id":"https:\/\/geschmiertes.de\/geschmiertes\/leben\/publikation\/#breadcrumb","itemListElement":[{"@type":"ListItem","position":1,"name":"Startseite","item":"https:\/\/geschmiertes.de\/geschmiertes\/"},{"@type":"ListItem","position":2,"name":"Leben","item":"https:\/\/geschmiertes.de\/geschmiertes\/leben\/"},{"@type":"ListItem","position":3,"name":"Publikation"}]},{"@type":"WebSite","@id":"https:\/\/geschmiertes.de\/geschmiertes\/#website","url":"https:\/\/geschmiertes.de\/geschmiertes\/","name":"geschmiertes.de","description":"Karsten Richter","publisher":{"@id":"https:\/\/geschmiertes.de\/geschmiertes\/#\/schema\/person\/a9b13186d939f0df93a21d2f7d97ccdc"},"potentialAction":[{"@type":"SearchAction","target":{"@type":"EntryPoint","urlTemplate":"https:\/\/geschmiertes.de\/geschmiertes\/?s={search_term_string}"},"query-input":{"@type":"PropertyValueSpecification","valueRequired":true,"valueName":"search_term_string"}}],"inLanguage":"de"},{"@type":["Person","Organization"],"@id":"https:\/\/geschmiertes.de\/geschmiertes\/#\/schema\/person\/a9b13186d939f0df93a21d2f7d97ccdc","name":"Karsten Richter","image":{"@type":"ImageObject","inLanguage":"de","@id":"http:\/\/geschmiertes.de\/geschmiertes\/wp-content\/uploads\/2021\/08\/Lauf_2019-05-23_Video-TS-Medien.jpg","url":"http:\/\/geschmiertes.de\/geschmiertes\/wp-content\/uploads\/2021\/08\/Lauf_2019-05-23_Video-TS-Medien.jpg","contentUrl":"http:\/\/geschmiertes.de\/geschmiertes\/wp-content\/uploads\/2021\/08\/Lauf_2019-05-23_Video-TS-Medien.jpg","width":1920,"height":908,"caption":"Karsten Richter"},"logo":{"@id":"http:\/\/geschmiertes.de\/geschmiertes\/wp-content\/uploads\/2021\/08\/Lauf_2019-05-23_Video-TS-Medien.jpg"},"sameAs":["http:\/\/noisepoint.net\/"]}]}},"_links":{"self":[{"href":"https:\/\/geschmiertes.de\/geschmiertes\/wp-json\/wp\/v2\/pages\/257","targetHints":{"allow":["GET"]}}],"collection":[{"href":"https:\/\/geschmiertes.de\/geschmiertes\/wp-json\/wp\/v2\/pages"}],"about":[{"href":"https:\/\/geschmiertes.de\/geschmiertes\/wp-json\/wp\/v2\/types\/page"}],"author":[{"embeddable":true,"href":"https:\/\/geschmiertes.de\/geschmiertes\/wp-json\/wp\/v2\/users\/1"}],"replies":[{"embeddable":true,"href":"https:\/\/geschmiertes.de\/geschmiertes\/wp-json\/wp\/v2\/comments?post=257"}],"version-history":[{"count":8,"href":"https:\/\/geschmiertes.de\/geschmiertes\/wp-json\/wp\/v2\/pages\/257\/revisions"}],"predecessor-version":[{"id":686,"href":"https:\/\/geschmiertes.de\/geschmiertes\/wp-json\/wp\/v2\/pages\/257\/revisions\/686"}],"up":[{"embeddable":true,"href":"https:\/\/geschmiertes.de\/geschmiertes\/wp-json\/wp\/v2\/pages\/36"}],"wp:featuredmedia":[{"embeddable":true,"href":"https:\/\/geschmiertes.de\/geschmiertes\/wp-json\/wp\/v2\/media\/596"}],"wp:attachment":[{"href":"https:\/\/geschmiertes.de\/geschmiertes\/wp-json\/wp\/v2\/media?parent=257"}],"curies":[{"name":"wp","href":"https:\/\/api.w.org\/{rel}","templated":true}]}}